{"id":1186,"date":"2017-06-25T20:09:10","date_gmt":"2017-06-25T20:09:10","guid":{"rendered":"http:\/\/bioenergie-kleinseelheim.de\/?page_id=1186"},"modified":"2017-06-26T03:19:07","modified_gmt":"2017-06-26T03:19:07","slug":"spatenstich","status":"publish","type":"page","link":"https:\/\/bioenergie-kleinseelheim.de\/index.php\/spatenstich\/","title":{"rendered":"Spatenstich"},"content":{"rendered":"<h3>Symbolischer erster Spatenstich der Bioenergiegenossenschaft Kleinseelheim eG<\/h3>\n<div class=\"wonderpluginslider-container\" id=\"wonderpluginslider-container-3\" style=\"max-width:840px;margin:0 auto;padding-left:0px;padding-right:0px;padding-top:0px;padding-bottom:0px;\"><div class=\"wonderpluginslider\" id=\"wonderpluginslider-3\" data-sliderid=\"3\" data-width=\"840\" data-height=\"360\" data-skin=\"classic\" data-autoplay=\"true\" data-randomplay=\"false\" data-loadimageondemand=\"false\" data-transitiononfirstslide=\"false\" data-autoplayvideo=\"false\" data-isresponsive=\"true\" data-fullwidth=\"false\" data-isfullscreen=\"false\" data-ratioresponsive=\"false\" data-showtext=\"true\" data-showtimer=\"true\" data-showbottomshadow=\"true\" data-navshowpreview=\"true\" data-textautohide=\"false\" data-lightboxresponsive=\"true\" data-lightboxshownavigation=\"false\" data-lightboxshowtitle=\"true\" data-lightboxshowdescription=\"false\" data-texteffectresponsive=\"true\" data-donotinit=\"false\" data-addinitscript=\"false\" data-titleusealt=\"false\" data-scalemode=\"fit\" data-arrowstyle=\"mouseover\" data-transition=\"slice\" data-loop=\"0\" data-border=\"0\" data-slideinterval=\"8000\" data-arrowimage=\"arrows-32-32-0.png\" data-arrowwidth=\"32\" data-arrowheight=\"32\" data-arrowtop=\"50\" data-arrowmargin=\"8\" data-navstyle=\"bullets\" data-navimage=\"bullet-24-24-0.png\" data-navwidth=\"24\" data-navheight=\"24\" data-navspacing=\"8\" data-navmarginx=\"16\" data-navmarginy=\"16\" data-navposition=\"bottom\" data-playvideoimage=\"playvideo-64-64-0.png\" data-playvideoimagewidth=\"64\" data-playvideoimageheight=\"64\" data-lightboxthumbwidth=\"90\" data-lightboxthumbheight=\"60\" data-lightboxthumbtopmargin=\"12\" data-lightboxthumbbottommargin=\"4\" data-lightboxbarheight=\"64\" data-lightboxtitlebottomcss=\"{color:#333; font-size:14px; font-family:Armata,sans-serif,Arial; overflow:hidden; text-align:left;}\" data-lightboxdescriptionbottomcss=\"{color:#333; font-size:12px; font-family:Arial,Helvetica,sans-serif; overflow:hidden; text-align:left; margin:4px 0px 0px; padding: 0px;}\" data-textformat=\"Bottom bar\" data-textpositionstatic=\"bottom\" data-textpositiondynamic=\"bottomleft\" data-paddingleft=\"0\" data-paddingright=\"0\" data-paddingtop=\"0\" data-paddingbottom=\"0\" data-texteffectresponsivesize=\"640\" data-fadeduration=\"1000\" data-crossfadeduration=\"1000\" data-slideduration=\"1000\" data-elasticduration=\"1000\" data-sliceduration=\"1500\" data-blindsduration=\"1500\" data-blocksduration=\"1500\" data-shuffleduration=\"1500\" data-tilesduration=\"2000\" data-kenburnsduration=\"5000\" data-flipduration=\"1500\" data-flipwithzoomduration=\"2000\" data-threedduration=\"1500\" data-threedhorizontalduration=\"1500\" data-threedwithzoomduration=\"2500\" data-threedhorizontalwithzoomduration=\"2200\" data-threedflipduration=\"1500\" data-threedflipwithzoomduration=\"2000\" data-threedtilesduration=\"2000\" data-threedfallback=\"flip\" data-threedhorizontalfallback=\"flip\" data-threedwithzoomfallback=\"flipwithzoom\" data-threedhorizontalwithzoomfallback=\"flipwithzoom\" data-threedflipfallback=\"flip\" data-threedflipwithzoomfallback=\"flipwithzoom\" data-threedtilesfallback=\"tiles\" data-ratiomediumscreen=\"800\" data-ratiomediumheight=\"1.2\" data-ratiosmallscreen=\"480\" data-ratiosmallheight=\"1.6\" data-textcss=\"display:block; padding:12px; text-align:left;\" data-textbgcss=\"display:block; position:absolute; top:0px; left:0px; width:100%; height:100%; background-color:#333333; opacity:0.6; filter:alpha(opacity=60);\" data-titlecss=\"display:block; position:relative; font:bold 14px &quot;Lucida Sans Unicode&quot;,&quot;Lucida Grande&quot;,sans-serif,Arial; color:#fff;\" data-descriptioncss=\"display:block; position:relative; font:12px &quot;Lucida Sans Unicode&quot;,&quot;Lucida Grande&quot;,sans-serif,Arial; color:#fff; margin-top:8px;\" data-buttoncss=\"display:block; position:relative; margin-top:8px;\" data-titlecssresponsive=\"font-size:12px;\" data-descriptioncssresponsive=\"display:none !important;\" data-buttoncssresponsive=\"\" data-jsfolder=\"https:\/\/bioenergie-kleinseelheim.de\/wp-content\/plugins\/wonderplugin-slider\/engine\/\" style=\"display:none;\" ><ul class=\"amazingslider-slides\" style=\"display:none;\"><li><img decoding=\"async\" class=\"amazingsliderimg\" src=\"http:\/\/bioenergie-kleinseelheim.de\/wp-content\/uploads\/2017\/06\/2017-06-25_Spatenstich_16.jpg\" alt=\"2017-06-25_spatenstich_16\" title=\"2017-06-25_spatenstich_16\" data-description=\"Klimaschutzausstellung des Landkreises Marburg\" \/><\/li><li><img decoding=\"async\" class=\"amazingsliderimg\" src=\"http:\/\/bioenergie-kleinseelheim.de\/wp-content\/uploads\/2017\/06\/2017-06-25_Spatenstich_1.jpg\" alt=\"2017-06-25_spatenstich_1\" title=\"2017-06-25_spatenstich_1\" data-description=\"Noch wird aufgebaut\" \/><\/li><li><img decoding=\"async\" class=\"amazingsliderimg\" src=\"http:\/\/bioenergie-kleinseelheim.de\/wp-content\/uploads\/2017\/06\/2017-06-25_Spatenstich_4.jpg\" alt=\"2017-06-25_spatenstich_4\" title=\"2017-06-25_spatenstich_4\" data-description=\"Bald wird hier Heizmaterial gelagert\" \/><\/li><li><img decoding=\"async\" class=\"amazingsliderimg\" src=\"http:\/\/bioenergie-kleinseelheim.de\/wp-content\/uploads\/2017\/06\/2017-06-25_Spatenstich_6.jpg\" alt=\"2017-06-25_spatenstich_6\" title=\"2017-06-25_spatenstich_6\" data-description=\"erste G\u00e4ste\" \/><\/li><li><img decoding=\"async\" class=\"amazingsliderimg\" src=\"http:\/\/bioenergie-kleinseelheim.de\/wp-content\/uploads\/2017\/06\/2017-06-25_Spatenstich_8.jpg\" alt=\"2017-06-25_spatenstich_8\" title=\"2017-06-25_spatenstich_8\" data-description=\"W\u00e4rme\u00fcbergabestation der Firma Yados\" \/><\/li><li><img decoding=\"async\" class=\"amazingsliderimg\" src=\"http:\/\/bioenergie-kleinseelheim.de\/wp-content\/uploads\/2017\/06\/2017-06-25_Spatenstich_9.jpg\" alt=\"2017-06-25_spatenstich_9\" title=\"2017-06-25_spatenstich_9\" data-description=\"Die Sonneninitiative Marburg hat den Renault Twizy mitgebracht\" \/><\/li><li><img decoding=\"async\" class=\"amazingsliderimg\" src=\"http:\/\/bioenergie-kleinseelheim.de\/wp-content\/uploads\/2017\/06\/2017-06-25_Spatenstich_12.jpg\" alt=\"2017-06-25_spatenstich_12\" title=\"2017-06-25_spatenstich_12\" data-description=\"Das Anwesen fr\u00fcher und heute\" \/><\/li><li><img decoding=\"async\" class=\"amazingsliderimg\" src=\"http:\/\/bioenergie-kleinseelheim.de\/wp-content\/uploads\/2017\/06\/2017-06-25_Spatenstich_13.jpg\" alt=\"2017-06-25_spatenstich_13\" title=\"2017-06-25_spatenstich_13\" data-description=\"Im TWIKE\" \/><\/li><li><img decoding=\"async\" class=\"amazingsliderimg\" src=\"http:\/\/bioenergie-kleinseelheim.de\/wp-content\/uploads\/2017\/06\/2017-06-25_Spatenstich_14.jpg\" alt=\"2017-06-25_spatenstich_14\" title=\"2017-06-25_spatenstich_14\" data-description=\"\" \/><\/li><li><img decoding=\"async\" class=\"amazingsliderimg\" src=\"http:\/\/bioenergie-kleinseelheim.de\/wp-content\/uploads\/2017\/06\/2017-06-25_Spatenstich_15.jpg\" alt=\"2017-06-25_spatenstich_15\" title=\"2017-06-25_spatenstich_15\" data-description=\"\" \/><\/li><li><img decoding=\"async\" class=\"amazingsliderimg\" src=\"http:\/\/bioenergie-kleinseelheim.de\/wp-content\/uploads\/2017\/06\/2017-06-25_Spatenstich_18.jpg\" alt=\"2017-06-25_spatenstich_18\" title=\"2017-06-25_spatenstich_18\" data-description=\"So wird E-getankt\" \/><\/li><li><img decoding=\"async\" class=\"amazingsliderimg\" src=\"http:\/\/bioenergie-kleinseelheim.de\/wp-content\/uploads\/2017\/06\/2017-06-25_Spatenstich_17.jpg\" alt=\"2017-06-25_spatenstich_17\" title=\"2017-06-25_spatenstich_17\" data-description=\"flei\u00dfige Helfer\" \/><\/li><li><img decoding=\"async\" class=\"amazingsliderimg\" src=\"http:\/\/bioenergie-kleinseelheim.de\/wp-content\/uploads\/2017\/06\/2017-06-25_Spatenstich_19.jpg\" alt=\"2017-06-25_spatenstich_19\" title=\"2017-06-25_spatenstich_19\" data-description=\"\" \/><\/li><li><img decoding=\"async\" class=\"amazingsliderimg\" src=\"http:\/\/bioenergie-kleinseelheim.de\/wp-content\/uploads\/2017\/06\/2017-06-25_Spatenstich_20.jpg\" alt=\"2017-06-25_spatenstich_20\" title=\"2017-06-25_spatenstich_20\" data-description=\"Frau Simon begr\u00fc\u00dft Energiegenossen aus Fronhausen\" \/><\/li><li><img decoding=\"async\" class=\"amazingsliderimg\" src=\"http:\/\/bioenergie-kleinseelheim.de\/wp-content\/uploads\/2017\/06\/2017-06-25_Spatenstich_22.jpg\" alt=\"2017-06-25_spatenstich_22\" title=\"2017-06-25_spatenstich_22\" data-description=\"\" \/><\/li><li><img decoding=\"async\" class=\"amazingsliderimg\" src=\"http:\/\/bioenergie-kleinseelheim.de\/wp-content\/uploads\/2017\/06\/2017-06-25_Spatenstich_27.jpg\" alt=\"2017-06-25_spatenstich_27\" title=\"2017-06-25_spatenstich_27\" data-description=\"\" \/><\/li><li><img decoding=\"async\" class=\"amazingsliderimg\" src=\"http:\/\/bioenergie-kleinseelheim.de\/wp-content\/uploads\/2017\/06\/2017-06-25_Spatenstich_29.jpg\" alt=\"2017-06-25_spatenstich_29\" title=\"2017-06-25_spatenstich_29\" data-description=\"\" \/><\/li><li><img decoding=\"async\" class=\"amazingsliderimg\" src=\"http:\/\/bioenergie-kleinseelheim.de\/wp-content\/uploads\/2017\/06\/2017-06-25_Spatenstich_30.jpg\" alt=\"2017-06-25_spatenstich_30\" title=\"2017-06-25_spatenstich_30\" data-description=\"\" \/><\/li><li><img decoding=\"async\" class=\"amazingsliderimg\" src=\"http:\/\/bioenergie-kleinseelheim.de\/wp-content\/uploads\/2017\/06\/2017-06-25_Spatenstich_32.jpg\" alt=\"2017-06-25_spatenstich_32\" title=\"2017-06-25_spatenstich_32\" data-description=\"ein Solarkocher\" \/><\/li><li><img decoding=\"async\" class=\"amazingsliderimg\" src=\"http:\/\/bioenergie-kleinseelheim.de\/wp-content\/uploads\/2017\/06\/2017-06-25_Spatenstich_34.jpg\" alt=\"2017-06-25_spatenstich_34\" title=\"2017-06-25_spatenstich_34\" data-description=\"G\u00e4ste aus dem Bioenergiedorf Erfurtshausen\" \/><\/li><li><img decoding=\"async\" class=\"amazingsliderimg\" src=\"http:\/\/bioenergie-kleinseelheim.de\/wp-content\/uploads\/2017\/06\/2017-06-25_Spatenstich_36.jpg\" alt=\"2017-06-25_spatenstich_36\" title=\"2017-06-25_spatenstich_36\" data-description=\"\" \/><\/li><li><img decoding=\"async\" class=\"amazingsliderimg\" src=\"http:\/\/bioenergie-kleinseelheim.de\/wp-content\/uploads\/2017\/06\/2017-06-25_Spatenstich_70.jpg\" alt=\"2017-06-25_spatenstich_70\" title=\"2017-06-25_spatenstich_70\" data-description=\"Die Saxofonisten der Alfred-Wegner-Schule sorgten f\u00fcr den musikalischen Rahmen\" \/><\/li><li><img decoding=\"async\" class=\"amazingsliderimg\" src=\"http:\/\/bioenergie-kleinseelheim.de\/wp-content\/uploads\/2017\/06\/2017-06-25_Spatenstich_48.jpg\" alt=\"2017-06-25_spatenstich_48\" title=\"2017-06-25_spatenstich_48\" data-description=\"Gru\u00dfwort der Vorstandsvorsitzenden Frau Simon\" \/><\/li><li><img decoding=\"async\" class=\"amazingsliderimg\" src=\"http:\/\/bioenergie-kleinseelheim.de\/wp-content\/uploads\/2017\/06\/2017-06-25_Spatenstich_51.jpg\" alt=\"2017-06-25_spatenstich_51\" title=\"2017-06-25_spatenstich_51\" data-description=\"Gru\u00dfwort von Landr\u00e4tin Kirsten Fr\u00fcndt\" \/><\/li><li><img decoding=\"async\" class=\"amazingsliderimg\" src=\"http:\/\/bioenergie-kleinseelheim.de\/wp-content\/uploads\/2017\/06\/2017-06-25_Spatenstich_52.jpg\" alt=\"2017-06-25_spatenstich_52\" title=\"2017-06-25_spatenstich_52\" data-description=\"\" \/><\/li><li><img decoding=\"async\" class=\"amazingsliderimg\" src=\"http:\/\/bioenergie-kleinseelheim.de\/wp-content\/uploads\/2017\/06\/2017-06-25_Spatenstich_55.jpg\" alt=\"2017-06-25_spatenstich_55\" title=\"2017-06-25_spatenstich_55\" data-description=\"\" \/><\/li><li><img decoding=\"async\" class=\"amazingsliderimg\" src=\"http:\/\/bioenergie-kleinseelheim.de\/wp-content\/uploads\/2017\/06\/2017-06-25_Spatenstich_56.jpg\" alt=\"2017-06-25_spatenstich_56\" title=\"2017-06-25_spatenstich_56\" data-description=\"Gru\u00dfwort von B\u00fcrgermeister Olaf Hausmann\" \/><\/li><li><img decoding=\"async\" class=\"amazingsliderimg\" src=\"http:\/\/bioenergie-kleinseelheim.de\/wp-content\/uploads\/2017\/06\/2017-06-25_Spatenstich_60.jpg\" alt=\"2017-06-25_spatenstich_60\" title=\"2017-06-25_spatenstich_60\" data-description=\"Gru\u00dfwort des Sparkassenleiters Andreas Bartsch\" \/><\/li><li><img decoding=\"async\" class=\"amazingsliderimg\" src=\"http:\/\/bioenergie-kleinseelheim.de\/wp-content\/uploads\/2017\/06\/2017-06-25_Spatenstich_62.jpg\" alt=\"2017-06-25_spatenstich_62\" title=\"2017-06-25_spatenstich_62\" data-description=\"\" \/><\/li><li><img decoding=\"async\" class=\"amazingsliderimg\" src=\"http:\/\/bioenergie-kleinseelheim.de\/wp-content\/uploads\/2017\/06\/2017-06-25_Spatenstich_65.jpg\" alt=\"2017-06-25_spatenstich_65\" title=\"2017-06-25_spatenstich_65\" data-description=\"Gru\u00dfwort von Siegmund Laufer, Gesch\u00e4ftsf\u00fchrer der EAM Energieplus\" \/><\/li><li><img decoding=\"async\" class=\"amazingsliderimg\" src=\"http:\/\/bioenergie-kleinseelheim.de\/wp-content\/uploads\/2017\/06\/2017-06-25_Spatenstich_67.jpg\" alt=\"2017-06-25_spatenstich_67\" title=\"2017-06-25_spatenstich_67\" data-description=\"Der sehr symbolische Spatenstich, v.l. Herr Bartsch, Frau Fr\u00fcndt, Ortsvorsteher Waldhardt, Frau Simon, Herr Laufer, Herr Hausmann\" \/><\/li><li><img decoding=\"async\" class=\"amazingsliderimg\" src=\"http:\/\/bioenergie-kleinseelheim.de\/wp-content\/uploads\/2017\/06\/2017-06-25_Spatenstich_71.jpg\" alt=\"2017-06-25_spatenstich_71\" title=\"2017-06-25_spatenstich_71\" data-description=\"Parken hier bald nur noch E-Autos?\" \/><\/li><li><img decoding=\"async\" class=\"amazingsliderimg\" src=\"http:\/\/bioenergie-kleinseelheim.de\/wp-content\/uploads\/2017\/06\/2017-06-25_Spatenstich_76.jpg\" alt=\"2017-06-25_spatenstich_76\" title=\"2017-06-25_spatenstich_76\" data-description=\"Es schmeckt!\" \/><\/li><li><img decoding=\"async\" class=\"amazingsliderimg\" src=\"http:\/\/bioenergie-kleinseelheim.de\/wp-content\/uploads\/2017\/06\/2017-06-25_Spatenstich_58.jpg\" alt=\"2017-06-25_spatenstich_58\" title=\"2017-06-25_spatenstich_58\" data-description=\"M\u00f6llers Imbiss\" \/><\/li><li><img decoding=\"async\" class=\"amazingsliderimg\" src=\"http:\/\/bioenergie-kleinseelheim.de\/wp-content\/uploads\/2017\/06\/2017-06-25_Spatenstich_77.jpg\" alt=\"2017-06-25_spatenstich_77\" title=\"2017-06-25_spatenstich_77\" data-description=\"E-Auto der Fa. Masuch\" \/><\/li><li><img decoding=\"async\" class=\"amazingsliderimg\" src=\"http:\/\/bioenergie-kleinseelheim.de\/wp-content\/uploads\/2017\/06\/Solar_Motorrad.jpg\" alt=\"solar_motorrad\" title=\"solar_motorrad\" data-description=\"Wie Kinder E-Mobilit\u00e4t sehen\" \/><\/li><li><img decoding=\"async\" class=\"amazingsliderimg\" src=\"http:\/\/bioenergie-kleinseelheim.de\/wp-content\/uploads\/2017\/06\/2017-06-25_Spatenstich_59.jpg\" alt=\"2017-06-25_spatenstich_59\" title=\"2017-06-25_spatenstich_59\" data-description=\"\" \/><\/li><li><img decoding=\"async\" class=\"amazingsliderimg\" src=\"http:\/\/bioenergie-kleinseelheim.de\/wp-content\/uploads\/2017\/06\/2017-06-25_Spatenstich_82.jpg\" alt=\"2017-06-25_spatenstich_82\" title=\"2017-06-25_spatenstich_82\" data-description=\"Bald mit neuem Namen!\" \/><\/li><\/ul><ul class=\"amazingslider-thumbnails\" style=\"display:none;\"><li><img decoding=\"async\" class=\"amazingsliderthumbnailimg\" src=\"http:\/\/bioenergie-kleinseelheim.de\/wp-content\/uploads\/2017\/06\/2017-06-25_Spatenstich_16-150x150.jpg\" alt=\"2017-06-25_spatenstich_16\" title=\"2017-06-25_spatenstich_16\" data-description=\"Klimaschutzausstellung des Landkreises Marburg\" \/><\/li><li><img decoding=\"async\" class=\"amazingsliderthumbnailimg\" src=\"http:\/\/bioenergie-kleinseelheim.de\/wp-content\/uploads\/2017\/06\/2017-06-25_Spatenstich_1-150x150.jpg\" alt=\"2017-06-25_spatenstich_1\" title=\"2017-06-25_spatenstich_1\" data-description=\"Noch wird aufgebaut\" \/><\/li><li><img decoding=\"async\" class=\"amazingsliderthumbnailimg\" src=\"http:\/\/bioenergie-kleinseelheim.de\/wp-content\/uploads\/2017\/06\/2017-06-25_Spatenstich_4-150x150.jpg\" alt=\"2017-06-25_spatenstich_4\" title=\"2017-06-25_spatenstich_4\" data-description=\"Bald wird hier Heizmaterial gelagert\" \/><\/li><li><img decoding=\"async\" class=\"amazingsliderthumbnailimg\" src=\"http:\/\/bioenergie-kleinseelheim.de\/wp-content\/uploads\/2017\/06\/2017-06-25_Spatenstich_6-150x150.jpg\" alt=\"2017-06-25_spatenstich_6\" title=\"2017-06-25_spatenstich_6\" data-description=\"erste G\u00e4ste\" \/><\/li><li><img decoding=\"async\" class=\"amazingsliderthumbnailimg\" src=\"http:\/\/bioenergie-kleinseelheim.de\/wp-content\/uploads\/2017\/06\/2017-06-25_Spatenstich_8-150x150.jpg\" alt=\"2017-06-25_spatenstich_8\" title=\"2017-06-25_spatenstich_8\" data-description=\"W\u00e4rme\u00fcbergabestation der Firma Yados\" \/><\/li><li><img decoding=\"async\" class=\"amazingsliderthumbnailimg\" src=\"http:\/\/bioenergie-kleinseelheim.de\/wp-content\/uploads\/2017\/06\/2017-06-25_Spatenstich_9-150x150.jpg\" alt=\"2017-06-25_spatenstich_9\" title=\"2017-06-25_spatenstich_9\" data-description=\"Die Sonneninitiative Marburg hat den Renault Twizy mitgebracht\" \/><\/li><li><img decoding=\"async\" class=\"amazingsliderthumbnailimg\" src=\"http:\/\/bioenergie-kleinseelheim.de\/wp-content\/uploads\/2017\/06\/2017-06-25_Spatenstich_12-150x150.jpg\" alt=\"2017-06-25_spatenstich_12\" title=\"2017-06-25_spatenstich_12\" data-description=\"Das Anwesen fr\u00fcher und heute\" \/><\/li><li><img decoding=\"async\" class=\"amazingsliderthumbnailimg\" src=\"http:\/\/bioenergie-kleinseelheim.de\/wp-content\/uploads\/2017\/06\/2017-06-25_Spatenstich_13-150x150.jpg\" alt=\"2017-06-25_spatenstich_13\" title=\"2017-06-25_spatenstich_13\" data-description=\"Im TWIKE\" \/><\/li><li><img decoding=\"async\" class=\"amazingsliderthumbnailimg\" src=\"http:\/\/bioenergie-kleinseelheim.de\/wp-content\/uploads\/2017\/06\/2017-06-25_Spatenstich_14-150x150.jpg\" alt=\"2017-06-25_spatenstich_14\" title=\"2017-06-25_spatenstich_14\" data-description=\"\" \/><\/li><li><img decoding=\"async\" class=\"amazingsliderthumbnailimg\" src=\"http:\/\/bioenergie-kleinseelheim.de\/wp-content\/uploads\/2017\/06\/2017-06-25_Spatenstich_15-150x150.jpg\" alt=\"2017-06-25_spatenstich_15\" title=\"2017-06-25_spatenstich_15\" data-description=\"\" \/><\/li><li><img decoding=\"async\" class=\"amazingsliderthumbnailimg\" src=\"http:\/\/bioenergie-kleinseelheim.de\/wp-content\/uploads\/2017\/06\/2017-06-25_Spatenstich_18-150x150.jpg\" alt=\"2017-06-25_spatenstich_18\" title=\"2017-06-25_spatenstich_18\" data-description=\"So wird E-getankt\" \/><\/li><li><img decoding=\"async\" class=\"amazingsliderthumbnailimg\" src=\"http:\/\/bioenergie-kleinseelheim.de\/wp-content\/uploads\/2017\/06\/2017-06-25_Spatenstich_17-150x150.jpg\" alt=\"2017-06-25_spatenstich_17\" title=\"2017-06-25_spatenstich_17\" data-description=\"flei\u00dfige Helfer\" \/><\/li><li><img decoding=\"async\" class=\"amazingsliderthumbnailimg\" src=\"http:\/\/bioenergie-kleinseelheim.de\/wp-content\/uploads\/2017\/06\/2017-06-25_Spatenstich_19-150x150.jpg\" alt=\"2017-06-25_spatenstich_19\" title=\"2017-06-25_spatenstich_19\" data-description=\"\" \/><\/li><li><img decoding=\"async\" class=\"amazingsliderthumbnailimg\" src=\"http:\/\/bioenergie-kleinseelheim.de\/wp-content\/uploads\/2017\/06\/2017-06-25_Spatenstich_20-150x150.jpg\" alt=\"2017-06-25_spatenstich_20\" title=\"2017-06-25_spatenstich_20\" data-description=\"Frau Simon begr\u00fc\u00dft Energiegenossen aus Fronhausen\" \/><\/li><li><img decoding=\"async\" class=\"amazingsliderthumbnailimg\" src=\"http:\/\/bioenergie-kleinseelheim.de\/wp-content\/uploads\/2017\/06\/2017-06-25_Spatenstich_22-150x150.jpg\" alt=\"2017-06-25_spatenstich_22\" title=\"2017-06-25_spatenstich_22\" data-description=\"\" \/><\/li><li><img decoding=\"async\" class=\"amazingsliderthumbnailimg\" src=\"http:\/\/bioenergie-kleinseelheim.de\/wp-content\/uploads\/2017\/06\/2017-06-25_Spatenstich_27-150x150.jpg\" alt=\"2017-06-25_spatenstich_27\" title=\"2017-06-25_spatenstich_27\" data-description=\"\" \/><\/li><li><img decoding=\"async\" class=\"amazingsliderthumbnailimg\" src=\"http:\/\/bioenergie-kleinseelheim.de\/wp-content\/uploads\/2017\/06\/2017-06-25_Spatenstich_29-150x150.jpg\" alt=\"2017-06-25_spatenstich_29\" title=\"2017-06-25_spatenstich_29\" data-description=\"\" \/><\/li><li><img decoding=\"async\" class=\"amazingsliderthumbnailimg\" src=\"http:\/\/bioenergie-kleinseelheim.de\/wp-content\/uploads\/2017\/06\/2017-06-25_Spatenstich_30-150x150.jpg\" alt=\"2017-06-25_spatenstich_30\" title=\"2017-06-25_spatenstich_30\" data-description=\"\" \/><\/li><li><img decoding=\"async\" class=\"amazingsliderthumbnailimg\" src=\"http:\/\/bioenergie-kleinseelheim.de\/wp-content\/uploads\/2017\/06\/2017-06-25_Spatenstich_32-150x150.jpg\" alt=\"2017-06-25_spatenstich_32\" title=\"2017-06-25_spatenstich_32\" data-description=\"ein Solarkocher\" \/><\/li><li><img decoding=\"async\" class=\"amazingsliderthumbnailimg\" src=\"http:\/\/bioenergie-kleinseelheim.de\/wp-content\/uploads\/2017\/06\/2017-06-25_Spatenstich_34-150x150.jpg\" alt=\"2017-06-25_spatenstich_34\" title=\"2017-06-25_spatenstich_34\" data-description=\"G\u00e4ste aus dem Bioenergiedorf Erfurtshausen\" \/><\/li><li><img decoding=\"async\" class=\"amazingsliderthumbnailimg\" src=\"http:\/\/bioenergie-kleinseelheim.de\/wp-content\/uploads\/2017\/06\/2017-06-25_Spatenstich_36-150x150.jpg\" alt=\"2017-06-25_spatenstich_36\" title=\"2017-06-25_spatenstich_36\" data-description=\"\" \/><\/li><li><img decoding=\"async\" class=\"amazingsliderthumbnailimg\" src=\"http:\/\/bioenergie-kleinseelheim.de\/wp-content\/uploads\/2017\/06\/2017-06-25_Spatenstich_70-150x150.jpg\" alt=\"2017-06-25_spatenstich_70\" title=\"2017-06-25_spatenstich_70\" data-description=\"Die Saxofonisten der Alfred-Wegner-Schule sorgten f\u00fcr den musikalischen Rahmen\" \/><\/li><li><img decoding=\"async\" class=\"amazingsliderthumbnailimg\" src=\"http:\/\/bioenergie-kleinseelheim.de\/wp-content\/uploads\/2017\/06\/2017-06-25_Spatenstich_48-150x150.jpg\" alt=\"2017-06-25_spatenstich_48\" title=\"2017-06-25_spatenstich_48\" data-description=\"Gru\u00dfwort der Vorstandsvorsitzenden Frau Simon\" \/><\/li><li><img decoding=\"async\" class=\"amazingsliderthumbnailimg\" src=\"http:\/\/bioenergie-kleinseelheim.de\/wp-content\/uploads\/2017\/06\/2017-06-25_Spatenstich_51-150x150.jpg\" alt=\"2017-06-25_spatenstich_51\" title=\"2017-06-25_spatenstich_51\" data-description=\"Gru\u00dfwort von Landr\u00e4tin Kirsten Fr\u00fcndt\" \/><\/li><li><img decoding=\"async\" class=\"amazingsliderthumbnailimg\" src=\"http:\/\/bioenergie-kleinseelheim.de\/wp-content\/uploads\/2017\/06\/2017-06-25_Spatenstich_52-150x150.jpg\" alt=\"2017-06-25_spatenstich_52\" title=\"2017-06-25_spatenstich_52\" data-description=\"\" \/><\/li><li><img decoding=\"async\" class=\"amazingsliderthumbnailimg\" src=\"http:\/\/bioenergie-kleinseelheim.de\/wp-content\/uploads\/2017\/06\/2017-06-25_Spatenstich_55-150x150.jpg\" alt=\"2017-06-25_spatenstich_55\" title=\"2017-06-25_spatenstich_55\" data-description=\"\" \/><\/li><li><img decoding=\"async\" class=\"amazingsliderthumbnailimg\" src=\"http:\/\/bioenergie-kleinseelheim.de\/wp-content\/uploads\/2017\/06\/2017-06-25_Spatenstich_56-150x150.jpg\" alt=\"2017-06-25_spatenstich_56\" title=\"2017-06-25_spatenstich_56\" data-description=\"Gru\u00dfwort von B\u00fcrgermeister Olaf Hausmann\" \/><\/li><li><img decoding=\"async\" class=\"amazingsliderthumbnailimg\" src=\"http:\/\/bioenergie-kleinseelheim.de\/wp-content\/uploads\/2017\/06\/2017-06-25_Spatenstich_60-150x150.jpg\" alt=\"2017-06-25_spatenstich_60\" title=\"2017-06-25_spatenstich_60\" data-description=\"Gru\u00dfwort des Sparkassenleiters Andreas Bartsch\" \/><\/li><li><img decoding=\"async\" class=\"amazingsliderthumbnailimg\" src=\"http:\/\/bioenergie-kleinseelheim.de\/wp-content\/uploads\/2017\/06\/2017-06-25_Spatenstich_62-150x150.jpg\" alt=\"2017-06-25_spatenstich_62\" title=\"2017-06-25_spatenstich_62\" data-description=\"\" \/><\/li><li><img decoding=\"async\" class=\"amazingsliderthumbnailimg\" src=\"http:\/\/bioenergie-kleinseelheim.de\/wp-content\/uploads\/2017\/06\/2017-06-25_Spatenstich_65-150x150.jpg\" alt=\"2017-06-25_spatenstich_65\" title=\"2017-06-25_spatenstich_65\" data-description=\"Gru\u00dfwort von Siegmund Laufer, Gesch\u00e4ftsf\u00fchrer der EAM Energieplus\" \/><\/li><li><img decoding=\"async\" class=\"amazingsliderthumbnailimg\" src=\"http:\/\/bioenergie-kleinseelheim.de\/wp-content\/uploads\/2017\/06\/2017-06-25_Spatenstich_67-150x150.jpg\" alt=\"2017-06-25_spatenstich_67\" title=\"2017-06-25_spatenstich_67\" data-description=\"Der sehr symbolische Spatenstich, v.l. Herr Bartsch, Frau Fr\u00fcndt, Ortsvorsteher Waldhardt, Frau Simon, Herr Laufer, Herr Hausmann\" \/><\/li><li><img decoding=\"async\" class=\"amazingsliderthumbnailimg\" src=\"http:\/\/bioenergie-kleinseelheim.de\/wp-content\/uploads\/2017\/06\/2017-06-25_Spatenstich_71-150x150.jpg\" alt=\"2017-06-25_spatenstich_71\" title=\"2017-06-25_spatenstich_71\" data-description=\"Parken hier bald nur noch E-Autos?\" \/><\/li><li><img decoding=\"async\" class=\"amazingsliderthumbnailimg\" src=\"http:\/\/bioenergie-kleinseelheim.de\/wp-content\/uploads\/2017\/06\/2017-06-25_Spatenstich_76-150x150.jpg\" alt=\"2017-06-25_spatenstich_76\" title=\"2017-06-25_spatenstich_76\" data-description=\"Es schmeckt!\" \/><\/li><li><img decoding=\"async\" class=\"amazingsliderthumbnailimg\" src=\"http:\/\/bioenergie-kleinseelheim.de\/wp-content\/uploads\/2017\/06\/2017-06-25_Spatenstich_58-150x150.jpg\" alt=\"2017-06-25_spatenstich_58\" title=\"2017-06-25_spatenstich_58\" data-description=\"M\u00f6llers Imbiss\" \/><\/li><li><img decoding=\"async\" class=\"amazingsliderthumbnailimg\" src=\"http:\/\/bioenergie-kleinseelheim.de\/wp-content\/uploads\/2017\/06\/2017-06-25_Spatenstich_77-150x150.jpg\" alt=\"2017-06-25_spatenstich_77\" title=\"2017-06-25_spatenstich_77\" data-description=\"E-Auto der Fa. Masuch\" \/><\/li><li><img decoding=\"async\" class=\"amazingsliderthumbnailimg\" src=\"http:\/\/bioenergie-kleinseelheim.de\/wp-content\/uploads\/2017\/06\/Solar_Motorrad-150x150.jpg\" alt=\"solar_motorrad\" title=\"solar_motorrad\" data-description=\"Wie Kinder E-Mobilit\u00e4t sehen\" \/><\/li><li><img decoding=\"async\" class=\"amazingsliderthumbnailimg\" src=\"http:\/\/bioenergie-kleinseelheim.de\/wp-content\/uploads\/2017\/06\/2017-06-25_Spatenstich_59-150x150.jpg\" alt=\"2017-06-25_spatenstich_59\" title=\"2017-06-25_spatenstich_59\" data-description=\"\" \/><\/li><li><img decoding=\"async\" class=\"amazingsliderthumbnailimg\" src=\"http:\/\/bioenergie-kleinseelheim.de\/wp-content\/uploads\/2017\/06\/2017-06-25_Spatenstich_82-150x150.jpg\" alt=\"2017-06-25_spatenstich_82\" title=\"2017-06-25_spatenstich_82\" data-description=\"Bald mit neuem Namen!\" \/><\/li><\/ul><div class=\"wonderplugin-engine\"><a href=\"http:\/\/www.wonderplugin.com\/wordpress-slider\/\" title=\"WordPress Image Slider Plugin\">WordPress Image Slider Plugin<\/a><\/div><\/div><\/div>\n<p>&nbsp;<\/p>\n<p>Wie die Vorstandsvorsitzende der Genossenschaft Ulrike Simon in ihrem Gru\u00dfwort berichtete, konnte die Bioenergiegenossenschaft Kleinseelheim am 25.6. bei angenehmen Sommerwetter gleich drei Dinge feiern: Seit 1. Juni geh\u00f6rt der Genossenschaft das Anwesen im Sandweg, vormals Roth-Agrarhandel, seit 19. Juni ist die Genossenschaft offiziell im Handelsregister eingetragen und im Juli beginnt endlich der Bau des Nahw\u00e4rmenetzes, das zur kommenden Heizperiode betriebsbereit sein wird.<\/p>\n<p>Zahlreiche G\u00e4ste feierten mit: Landr\u00e4tin Kirsten Fr\u00fcndt freute sich, dass damit der Kreis dem Ziel Klimaneutralit\u00e4t wieder ein St\u00fcck n\u00e4her gekommen ist (aus diesem Grund hatte der Landkreis ja die Machbarkeitsstudie im Jahr 2015 unterst\u00fctzt). B\u00fcrgermeister Olaf Hausmann ist sich sicher, dass Kleinseelheim nicht der einzige Ortsteil von Kirchhain mit Nahw\u00e4rme bleiben wird, der Leiter der Sparkasse Marburg-Biedenkopf, Herr Bartsch betonte, wie wichtig seinem Institut das Gesch\u00e4ftsfeld \u201eerneuerbare Energien\u201c ist (auch die Sparkasse hat schon die Machbarkeitsstudie unterst\u00fctzt). Herr Laufer Gesch\u00e4ftsf\u00fchrer der EAM Energieplus ist sich sicher, dass die Partnerschaft zwischen der Genossenschaft als Betreiberin des Nahw\u00e4rmenetzes und der EAM als Betreiberin der Heizzentrale \u00fcber viele Jahre erfolgreich sein wird.<\/p>\n<p>Weitere G\u00e4ste aus Politik und Zivilgesellschaft, u.a. auch Vertreter der Bioenergied\u00f6rfer\/-St\u00e4dte Erfurtshausen, Fronhausen und Rauschenberg nutzten die Gelegenheit zum Gedankenaustausch mit den Kleinseelheimer Energiegenossen und zur Information \u00fcber Elektromobilit\u00e4t, erneuerbare Energien und zum Thema Haus\u00fcbergabestationen in W\u00e4rmenetzen.<\/p>\n<p>Ein Wettbewerb zur Namensfindung f\u00fcr das Anwesen im Sandweg regte alle Besucher\/innen zum Kreativwerden an.<\/p>\n<p>F\u00fcr einen sch\u00f6nen musikalischen Rahmen sorgten 7 Saxophonspieler\/innen der Alfred-Wegner-Schule.<\/p>\n<p>F\u00fcr Speisen und Getr\u00e4nke sorgten neben vielen Kuchenspenderinnen und -spendern, die Firma Getr\u00e4nke Wei\u00df, die Direktvermarktung M\u00f6ller und Elke und Horst Barthel, die Inhaber von VinarteAlba.<\/p>\n<p>Auch die Kinder kamen mit H\u00fcpfburg und Stra\u00dfenmalerei auf ihre Kosten (sofern sie nicht flei\u00dfig beim Getr\u00e4nke- und Kuchenverkauf unterst\u00fctzten).<\/p>\n<p>Fazit: eine gelungene Auftaktveranstaltung!<\/p>\n","protected":false},"excerpt":{"rendered":"<p>Symbolischer erster Spatenstich der Bioenergiegenossenschaft Kleinseelheim eG &nbsp; Wie die Vorstandsvorsitzende der Genossenschaft Ulrike Simon in ihrem Gru\u00dfwort berichtete, konnte die Bioenergiegenossenschaft Kleinseelheim am 25.6. bei angenehmen Sommerwetter gleich drei Dinge feiern: Seit 1. Juni geh\u00f6rt der Genossenschaft das Anwesen im Sandweg, vormals Roth-Agrarhandel, seit 19. Juni ist die Genossenschaft offiziell im Handelsregister eingetragen und [&hellip;]<\/p>\n","protected":false},"author":3,"featured_media":0,"parent":0,"menu_order":0,"comment_status":"closed","ping_status":"closed","template":"","meta":{"footnotes":""},"class_list":["post-1186","page","type-page","status-publish","hentry"],"_links":{"self":[{"href":"https:\/\/bioenergie-kleinseelheim.de\/index.php\/wp-json\/wp\/v2\/pages\/1186","targetHints":{"allow":["GET"]}}],"collection":[{"href":"https:\/\/bioenergie-kleinseelheim.de\/index.php\/wp-json\/wp\/v2\/pages"}],"about":[{"href":"https:\/\/bioenergie-kleinseelheim.de\/index.php\/wp-json\/wp\/v2\/types\/page"}],"author":[{"embeddable":true,"href":"https:\/\/bioenergie-kleinseelheim.de\/index.php\/wp-json\/wp\/v2\/users\/3"}],"replies":[{"embeddable":true,"href":"https:\/\/bioenergie-kleinseelheim.de\/index.php\/wp-json\/wp\/v2\/comments?post=1186"}],"version-history":[{"count":8,"href":"https:\/\/bioenergie-kleinseelheim.de\/index.php\/wp-json\/wp\/v2\/pages\/1186\/revisions"}],"predecessor-version":[{"id":1198,"href":"https:\/\/bioenergie-kleinseelheim.de\/index.php\/wp-json\/wp\/v2\/pages\/1186\/revisions\/1198"}],"wp:attachment":[{"href":"https:\/\/bioenergie-kleinseelheim.de\/index.php\/wp-json\/wp\/v2\/media?parent=1186"}],"curies":[{"name":"wp","href":"https:\/\/api.w.org\/{rel}","templated":true}]}}