{"id":392,"date":"2015-10-30T19:33:42","date_gmt":"2015-10-30T19:33:42","guid":{"rendered":"http:\/\/alibis.in-berlin.de:8181\/?page_id=392"},"modified":"2025-03-20T15:23:17","modified_gmt":"2025-03-20T15:23:17","slug":"presse","status":"publish","type":"page","link":"https:\/\/bioenergie-kleinseelheim.de\/index.php\/presse\/","title":{"rendered":"Presse"},"content":{"rendered":"<table>\n<tbody>\n<tr>\n<td width=\"205\"><a href=\"http:\/\/bioenergie-kleinseelheim.de\/index.php\/aktuell\/\">zur\u00fcck zu aktuell<\/a><\/td>\n<td width=\"205\"><\/td>\n<td width=\"205\"><\/td>\n<\/tr>\n<tr>\n<td width=\"205\"><\/td>\n<td width=\"205\"><\/td>\n<td width=\"205\"><\/td>\n<\/tr>\n<tr>\n<td width=\"205\"><\/td>\n<td width=\"205\"><\/td>\n<td width=\"205\"><\/td>\n<\/tr>\n<tr>\n<td width=\"205\"><\/td>\n<td width=\"205\"><\/td>\n<td width=\"205\"><\/td>\n<\/tr>\n<tr>\n<td width=\"205\"><\/td>\n<td width=\"205\"><\/td>\n<td width=\"205\"><\/td>\n<\/tr>\n<tr>\n<td width=\"205\"><\/td>\n<td width=\"205\"><\/td>\n<td width=\"205\"><\/td>\n<\/tr>\n<tr>\n<td width=\"205\"><\/td>\n<td width=\"205\"><\/td>\n<td width=\"205\"><\/td>\n<\/tr>\n<tr>\n<td width=\"205\"><\/td>\n<td width=\"205\"><\/td>\n<td width=\"205\"><\/td>\n<\/tr>\n<tr>\n<td width=\"205\"><\/td>\n<td width=\"205\"><\/td>\n<td width=\"205\"><\/td>\n<\/tr>\n<tr>\n<td width=\"205\"><\/td>\n<td width=\"205\"><\/td>\n<td width=\"205\"><\/td>\n<\/tr>\n<tr>\n<td width=\"205\"><\/td>\n<td width=\"205\"><\/td>\n<td width=\"205\"><\/td>\n<\/tr>\n<tr>\n<td width=\"205\"><\/td>\n<td width=\"205\"><\/td>\n<td width=\"205\"><\/td>\n<\/tr>\n<tr>\n<td width=\"205\"><\/td>\n<td width=\"205\"><\/td>\n<td width=\"205\"><\/td>\n<\/tr>\n<tr>\n<td width=\"205\"><\/td>\n<td width=\"205\"><\/td>\n<td width=\"205\"><\/td>\n<\/tr>\n<tr>\n<td width=\"205\"><a href=\"http:\/\/bioenergie-kleinseelheim.de\/wp-content\/uploads\/2019\/08\/190813-OP.jpg\"><img loading=\"lazy\" decoding=\"async\" class=\"alignleft size-medium wp-image-1789\" src=\"http:\/\/bioenergie-kleinseelheim.de\/wp-content\/uploads\/2019\/08\/190813-OP-300x152.jpg\" alt=\"\" width=\"300\" height=\"152\" srcset=\"https:\/\/bioenergie-kleinseelheim.de\/wp-content\/uploads\/2019\/08\/190813-OP-300x152.jpg 300w, https:\/\/bioenergie-kleinseelheim.de\/wp-content\/uploads\/2019\/08\/190813-OP.jpg 762w\" sizes=\"auto, (max-width: 300px) 100vw, 300px\" \/><\/a><\/td>\n<td width=\"205\"><a href=\"http:\/\/bioenergie-kleinseelheim.de\/wp-content\/uploads\/2019\/08\/Meine_OPM_2019-08-13_Seite_07.pdf\">Meine_OPM_2019-08-13_Seite_07<\/a><\/td>\n<td width=\"205\"><\/td>\n<\/tr>\n<tr>\n<td width=\"205\"><a href=\"http:\/\/bioenergie-kleinseelheim.de\/wp-content\/uploads\/2019\/08\/190803-OP.jpg\"><img loading=\"lazy\" decoding=\"async\" class=\"alignleft size-medium wp-image-1780\" src=\"http:\/\/bioenergie-kleinseelheim.de\/wp-content\/uploads\/2019\/08\/190803-OP-300x172.jpg\" alt=\"\" width=\"300\" height=\"172\" srcset=\"https:\/\/bioenergie-kleinseelheim.de\/wp-content\/uploads\/2019\/08\/190803-OP-300x172.jpg 300w, https:\/\/bioenergie-kleinseelheim.de\/wp-content\/uploads\/2019\/08\/190803-OP.jpg 745w\" sizes=\"auto, (max-width: 300px) 100vw, 300px\" \/><\/a><\/td>\n<td width=\"205\"><a href=\"http:\/\/bioenergie-kleinseelheim.de\/wp-content\/uploads\/2019\/08\/Meine_OPM_2019-08-03_Seite_07.pdf\">Meine_OPM_2019-08-03_Seite_07<\/a><\/td>\n<td width=\"205\"><\/td>\n<\/tr>\n<tr>\n<td width=\"205\">\u00a0<a href=\"http:\/\/bioenergie-kleinseelheim.de\/wp-content\/uploads\/2017\/12\/171229_OP-Marburg-Leserbrief.jpg\"><img loading=\"lazy\" decoding=\"async\" class=\"alignleft size-thumbnail wp-image-1427\" src=\"http:\/\/bioenergie-kleinseelheim.de\/wp-content\/uploads\/2017\/12\/171229_OP-Marburg-Leserbrief-150x150.jpg\" alt=\"\" width=\"150\" height=\"150\" \/><\/a><\/td>\n<td width=\"205\">\u00a0<a href=\"http:\/\/bioenergie-kleinseelheim.de\/wp-content\/uploads\/2017\/12\/20170929_OP-Marburg.pdf\">20170929_OP-Marburg<\/a>Herr P\u00f6ppler hat sich offenbar nur sehr einseitig \u00fcber unser Dorf informiert &#8230;<\/td>\n<td width=\"205\"><\/td>\n<\/tr>\n<tr>\n<td width=\"205\">\u00a0<a href=\"http:\/\/bioenergie-kleinseelheim.de\/wp-content\/uploads\/2017\/12\/OP-2017-12-09-Bioenergiedorf-Kleinseelheim.pdf\">OP 2017-12-09 Bioenergiedorf Kleinseelheim<\/a><\/td>\n<td width=\"205\">Ein sehr kritischer Leserbrief zum Thema &#8220;Sonderl\u00f6sung Sandweg&#8221; und zur Nahw\u00e4rme allgemein<\/td>\n<td width=\"205\">Stellungnahme des Vorstandes zu dem Leserbrief:<br \/>\n<a href=\"http:\/\/bioenergie-kleinseelheim.de\/wp-content\/uploads\/2017\/12\/Leserbrief-Ludwig-Stellungnahme.pdf\">Leserbrief Ludwig Stellungnahme<\/a><\/td>\n<\/tr>\n<tr>\n<td width=\"205\">\u00a0<a href=\"http:\/\/bioenergie-kleinseelheim.de\/wp-content\/uploads\/2017\/04\/Anzeiger_Titel.jpg\"><img loading=\"lazy\" decoding=\"async\" class=\"alignleft size-thumbnail wp-image-1044\" src=\"http:\/\/bioenergie-kleinseelheim.de\/wp-content\/uploads\/2017\/04\/Anzeiger_Titel-150x66.jpg\" alt=\"\" width=\"150\" height=\"66\" \/><\/a><\/td>\n<td width=\"205\">\u00a0Artikel im <a href=\"http:\/\/www.kirchhain.de\/Verwaltung-Politik\/Service\/Kirchhainer-Anzeiger\" target=\"_blank\" rel=\"noopener\">Kirchhainer Anzeiger vom 6.12.2017,<\/a> Seite 4<\/td>\n<td width=\"205\"><\/td>\n<\/tr>\n<tr>\n<td width=\"205\">\u00a0<a href=\"http:\/\/bioenergie-kleinseelheim.de\/wp-content\/uploads\/2017\/12\/Leserbrief_171206_OP.jpg\"><img loading=\"lazy\" decoding=\"async\" class=\"alignleft size-thumbnail wp-image-1369\" src=\"http:\/\/bioenergie-kleinseelheim.de\/wp-content\/uploads\/2017\/12\/Leserbrief_171206_OP-150x150.jpg\" alt=\"\" width=\"150\" height=\"150\" \/><\/a><\/td>\n<td width=\"205\">Leserbrief zur Parlamentssitzung am 27.11.<\/td>\n<td width=\"205\"><\/td>\n<\/tr>\n<\/tbody>\n<\/table>\n<table>\n<tbody>\n<tr>\n<td width=\"205\">\u00a0<a href=\"http:\/\/bioenergie-kleinseelheim.de\/wp-content\/uploads\/2015\/10\/171130.jpg\"><img loading=\"lazy\" decoding=\"async\" class=\"alignleft size-thumbnail wp-image-1340\" src=\"http:\/\/bioenergie-kleinseelheim.de\/wp-content\/uploads\/2015\/10\/171130-150x150.jpg\" alt=\"\" width=\"150\" height=\"150\" \/><\/a><\/td>\n<td width=\"205\"><a href=\"http:\/\/bioenergie-kleinseelheim.de\/wp-content\/uploads\/2015\/10\/Meine_OPM_2017-11-30_Seite_08.pdf\">Meine_OPM_2017-11-30_Seite_08<\/a><\/td>\n<td width=\"205\"><\/td>\n<\/tr>\n<tr>\n<td width=\"205\">\u00a0<a href=\"http:\/\/bioenergie-kleinseelheim.de\/wp-content\/uploads\/2015\/10\/171129.jpg\"><img loading=\"lazy\" decoding=\"async\" class=\"alignleft size-thumbnail wp-image-1339\" src=\"http:\/\/bioenergie-kleinseelheim.de\/wp-content\/uploads\/2015\/10\/171129-150x150.jpg\" alt=\"\" width=\"150\" height=\"150\" \/><\/a><\/td>\n<td width=\"205\">\u00a0<a href=\"http:\/\/bioenergie-kleinseelheim.de\/wp-content\/uploads\/2015\/10\/Meine_OPM_2017-11-29_Seite_07.pdf\">Meine_OPM_2017-11-29_Seite_07<\/a><\/td>\n<td width=\"205\"><\/td>\n<\/tr>\n<tr>\n<td width=\"205\">\u00a0<a href=\"http:\/\/bioenergie-kleinseelheim.de\/wp-content\/uploads\/2015\/10\/171024.jpg\"><img loading=\"lazy\" decoding=\"async\" class=\"alignleft size-thumbnail wp-image-1336\" src=\"http:\/\/bioenergie-kleinseelheim.de\/wp-content\/uploads\/2015\/10\/171024-150x150.jpg\" alt=\"\" width=\"150\" height=\"150\" \/><\/a><\/td>\n<td width=\"205\">\u00a0<a href=\"http:\/\/bioenergie-kleinseelheim.de\/wp-content\/uploads\/2015\/10\/20171024_OP.pdf\">20171024_OP<\/a><\/td>\n<td width=\"205\"><\/td>\n<\/tr>\n<tr>\n<td width=\"205\"><\/td>\n<td width=\"205\">\u00a0<a href=\"http:\/\/bioenergie-kleinseelheim.de\/wp-content\/uploads\/2015\/10\/171017_S.4_Leserbrief.pdf\">171017_S.4_Leserbrief<\/a><br \/>\nWarum m\u00fcssen Kanal- und Nahw\u00e4rmenetzbau gleichzeitig erfolgen?<\/td>\n<td width=\"205\"><\/td>\n<\/tr>\n<tr>\n<td width=\"205\"><\/td>\n<td width=\"205\">\u00a0<a href=\"http:\/\/bioenergie-kleinseelheim.de\/wp-content\/uploads\/2015\/10\/OP_Leserbrief_171013.pdf\">OP_Leserbrief_171013\u00a0<\/a>Manche B\u00fcrger sind sehr ver\u00e4rgert<\/td>\n<td width=\"205\"><\/td>\n<\/tr>\n<tr>\n<td width=\"205\">\u00a0<a href=\"http:\/\/bioenergie-kleinseelheim.de\/wp-content\/uploads\/2015\/10\/170929.jpg\"><img loading=\"lazy\" decoding=\"async\" class=\"alignleft wp-image-1331 size-thumbnail\" src=\"http:\/\/bioenergie-kleinseelheim.de\/wp-content\/uploads\/2015\/10\/170929-150x150.jpg\" alt=\"\" width=\"150\" height=\"150\" \/><\/a><\/td>\n<td width=\"205\">\u00a0<a href=\"http:\/\/bioenergie-kleinseelheim.de\/wp-content\/uploads\/2015\/10\/Meine_OPM_2017-06-27_Seite_08.pdf\">Meine_OPM_2017-06-27_Seite_08<\/a><\/td>\n<td width=\"205\"><\/td>\n<\/tr>\n<tr>\n<td width=\"205\">\u00a0<a href=\"http:\/\/bioenergie-kleinseelheim.de\/wp-content\/uploads\/2015\/10\/170626.jpg\"><img loading=\"lazy\" decoding=\"async\" class=\"alignleft size-thumbnail wp-image-1329\" src=\"http:\/\/bioenergie-kleinseelheim.de\/wp-content\/uploads\/2015\/10\/170626-150x150.jpg\" alt=\"\" width=\"150\" height=\"150\" \/><\/a><\/td>\n<td width=\"205\">\u00a0<a href=\"http:\/\/bioenergie-kleinseelheim.de\/wp-content\/uploads\/2015\/10\/Meine_OPM_2017-06-27_Seite_08.pdf\">Meine_OPM_2017-06-27_Seite_08<\/a><\/td>\n<td width=\"205\"><\/td>\n<\/tr>\n<tr>\n<td width=\"205\">\u00a0<a href=\"http:\/\/bioenergie-kleinseelheim.de\/wp-content\/uploads\/2015\/10\/170620_Oberhessische_Presse.jpg\"><img loading=\"lazy\" decoding=\"async\" class=\"alignleft wp-image-1135 size-thumbnail\" src=\"http:\/\/bioenergie-kleinseelheim.de\/wp-content\/uploads\/2015\/10\/170620_Oberhessische_Presse-150x150.jpg\" alt=\"\" width=\"150\" height=\"150\" \/><\/a><\/td>\n<td width=\"205\">\u00a0 <a href=\"http:\/\/bioenergie-kleinseelheim.de\/wp-content\/uploads\/2015\/10\/Meine_OPM_2017-06-20_Seite_07.pdf\">meine_opm_2017-06-20_seite_07<\/a><\/td>\n<td width=\"205\"><\/td>\n<\/tr>\n<tr>\n<td width=\"205\">\u00a0<a href=\"http:\/\/bioenergie-kleinseelheim.de\/wp-content\/uploads\/2017\/04\/Endspurt_zum_Bioenergiedorf_19-4-2017-1.jpg\"><img loading=\"lazy\" decoding=\"async\" class=\"alignleft wp-image-1046 size-medium\" src=\"http:\/\/bioenergie-kleinseelheim.de\/wp-content\/uploads\/2017\/04\/Endspurt_zum_Bioenergiedorf_19-4-2017-1-300x195.jpg\" alt=\"\" width=\"300\" height=\"195\" srcset=\"https:\/\/bioenergie-kleinseelheim.de\/wp-content\/uploads\/2017\/04\/Endspurt_zum_Bioenergiedorf_19-4-2017-1-300x195.jpg 300w, https:\/\/bioenergie-kleinseelheim.de\/wp-content\/uploads\/2017\/04\/Endspurt_zum_Bioenergiedorf_19-4-2017-1-768x499.jpg 768w, https:\/\/bioenergie-kleinseelheim.de\/wp-content\/uploads\/2017\/04\/Endspurt_zum_Bioenergiedorf_19-4-2017-1.jpg 843w\" sizes=\"auto, (max-width: 300px) 100vw, 300px\" \/><\/a><\/td>\n<td width=\"205\">\u00a0Kirchhainer Anzeiger 2017-04-19<\/td>\n<td width=\"205\"><\/td>\n<\/tr>\n<tr>\n<td width=\"205\">\u00a0<a href=\"http:\/\/bioenergie-kleinseelheim.de\/wp-content\/uploads\/2016\/10\/2016-10-11_Oberhessische_Presse.jpg\"><img loading=\"lazy\" decoding=\"async\" class=\"alignleft wp-image-798 size-thumbnail\" src=\"http:\/\/bioenergie-kleinseelheim.de\/wp-content\/uploads\/2016\/10\/2016-10-11_Oberhessische_Presse-140x150.jpg\" alt=\"\" width=\"140\" height=\"150\" \/><\/a><\/td>\n<td width=\"205\"><a href=\"http:\/\/bioenergie-kleinseelheim.de\/wp-content\/uploads\/2015\/10\/2016-10-11_Oberhessische_Presse.pdf\">2016-10-11_Oberhessische_Presse <\/a><\/p>\n<p>Entscheidung \u00fcber Nahw\u00e4rme f\u00e4llt am Donnerstag<\/td>\n<td width=\"205\"><\/td>\n<\/tr>\n<tr>\n<td width=\"205\">\u00a0<a href=\"http:\/\/bioenergie-kleinseelheim.de\/wp-content\/uploads\/2015\/10\/2016-10-15_Oberhessische_Presse.jpg\"><img loading=\"lazy\" decoding=\"async\" class=\"alignleft wp-image-819 size-thumbnail\" src=\"http:\/\/bioenergie-kleinseelheim.de\/wp-content\/uploads\/2015\/10\/2016-10-15_Oberhessische_Presse-150x150.jpg\" alt=\"\" width=\"150\" height=\"150\" \/><\/a><\/td>\n<td width=\"205\"><a href=\"http:\/\/bioenergie-kleinseelheim.de\/wp-content\/uploads\/2015\/10\/Oberhessische_Presse_2016-10-15.pdf\">Oberhessische_Presse_2016-10-15<\/a>Hinweis zu diesem Presseartikel: Die Bemerkungen von Prof. Waldhardt beziehen sich nicht auf den Standort Sandweg sondern auf den, ebenfalls in Erw\u00e4gung gezogenen Standort Ro\u00dfdorfer Stra\u00dfe. Im Sandweg gibt es mit der Zuwegung keine Probleme und die baurechtlichen Voraussetzungen sind gegeben.<\/td>\n<td width=\"205\"><\/td>\n<\/tr>\n<tr>\n<td width=\"205\">\u00a0<a href=\"http:\/\/bioenergie-kleinseelheim.de\/wp-content\/uploads\/2016\/05\/OP_Generalversammlung_voll_160510.jpg\"><img loading=\"lazy\" decoding=\"async\" class=\"alignleft wp-image-738 size-thumbnail\" src=\"http:\/\/bioenergie-kleinseelheim.de\/wp-content\/uploads\/2016\/05\/OP_Generalversammlung_voll_160510-150x150.jpg\" alt=\"\" width=\"150\" height=\"150\" \/><\/a><\/td>\n<td width=\"205\">\u00a0<a href=\"http:\/\/bioenergie-kleinseelheim.de\/wp-content\/uploads\/2015\/10\/OP_160510_generalversammlung290416.pdf\">OP_160510_generalversammlung290416<\/a><\/td>\n<td width=\"205\"><\/td>\n<\/tr>\n<tr>\n<td width=\"205\">\u00a0<a href=\"http:\/\/bioenergie-kleinseelheim.de\/wp-content\/uploads\/2015\/10\/160428.jpg\"><img loading=\"lazy\" decoding=\"async\" class=\"alignleft wp-image-1327 size-thumbnail\" src=\"http:\/\/bioenergie-kleinseelheim.de\/wp-content\/uploads\/2015\/10\/160428-150x150.jpg\" alt=\"\" width=\"150\" height=\"150\" \/><\/a><\/td>\n<td width=\"205\"><a href=\"http:\/\/bioenergie-kleinseelheim.de\/wp-content\/uploads\/2015\/10\/OP_160428_S.08_Nahw\u00e4rme_Kleinseelheim.pdf\">OP_160428_S.08_Nahw\u00e4rme_Kleinseelheim<\/a><\/p>\n<p>Ank\u00fcndigung der B\u00fcrgerinformation \/ Generalversammlung zum neuen Konzept<\/td>\n<td width=\"205\"><\/td>\n<\/tr>\n<tr>\n<td width=\"205\"><a href=\"http:\/\/bioenergie-kleinseelheim.de\/wp-content\/uploads\/2015\/11\/151123_Oberhessische-Presse.jpg\"><img loading=\"lazy\" decoding=\"async\" class=\"alignleft wp-image-584 size-thumbnail\" src=\"http:\/\/bioenergie-kleinseelheim.de\/wp-content\/uploads\/2015\/11\/151123_Oberhessische-Presse-150x150.jpg\" alt=\"\" width=\"150\" height=\"150\" \/><\/a><\/td>\n<td width=\"205\"><a href=\"http:\/\/bioenergie-kleinseelheim.de\/wp-content\/uploads\/2015\/10\/151123_Oberhessische_Presse.pdf\">151123_Oberhessische_Presse:<br \/>\n<\/a>Diskussionsveranstaltung mit KommunalpolitikerInnen und dem Regionalmanager der Region Burgwald-Ederbergland Stefan Schulte<\/td>\n<td width=\"205\"><\/td>\n<\/tr>\n<tr>\n<td width=\"205\"><a href=\"http:\/\/bioenergie-kleinseelheim.de\/wp-content\/uploads\/2015\/10\/150925.jpg\"><img loading=\"lazy\" decoding=\"async\" class=\"alignleft wp-image-1326 size-thumbnail\" src=\"http:\/\/bioenergie-kleinseelheim.de\/wp-content\/uploads\/2015\/10\/150925-150x150.jpg\" alt=\"\" width=\"150\" height=\"150\" \/><\/a><\/td>\n<td width=\"205\"><a href=\"http:\/\/alibis.in-berlin.de:8181\/wp-content\/uploads\/2015\/10\/150925_Oberhessische_Presse.pdf\">150925_Oberhessische_Presse: <\/a>Bericht \u00fcber Verschiebung des Nahw\u00e4rmenetzbaus<\/td>\n<td width=\"205\"><\/td>\n<\/tr>\n<tr>\n<td width=\"205\"><a href=\"http:\/\/bioenergie-kleinseelheim.de\/wp-content\/uploads\/2015\/10\/150905_Oberhessische_Presse-242x300.jpg\"><img loading=\"lazy\" decoding=\"async\" class=\"alignnone size-medium wp-image-539\" src=\"http:\/\/bioenergie-kleinseelheim.de\/wp-content\/uploads\/2015\/10\/150905_Oberhessische_Presse-242x300-242x300.jpg\" alt=\"\" width=\"242\" height=\"300\" \/><\/a><\/td>\n<td width=\"205\"><a href=\"http:\/\/bioenergie-kleinseelheim.de\/wp-content\/uploads\/2015\/10\/150905_Oberhessische_Presse-242x300.jpg\">150905_Oberhessische_Presse\u00a0\u00a0<\/a><\/td>\n<td width=\"205\"><\/td>\n<\/tr>\n<tr>\n<td width=\"205\"><a href=\"http:\/\/bioenergie-kleinseelheim.de\/wp-content\/uploads\/2015\/10\/150715_Kirchhainer_Anzeiger.jpg\"><img loading=\"lazy\" decoding=\"async\" class=\"alignnone size-medium wp-image-396\" src=\"http:\/\/bioenergie-kleinseelheim.de\/wp-content\/uploads\/2015\/10\/150715_Kirchhainer_Anzeiger-300x126.jpg\" alt=\"\" width=\"300\" height=\"126\" srcset=\"https:\/\/bioenergie-kleinseelheim.de\/wp-content\/uploads\/2015\/10\/150715_Kirchhainer_Anzeiger-300x126.jpg 300w, https:\/\/bioenergie-kleinseelheim.de\/wp-content\/uploads\/2015\/10\/150715_Kirchhainer_Anzeiger-1024x431.jpg 1024w\" sizes=\"auto, (max-width: 300px) 100vw, 300px\" \/><\/a><\/td>\n<td width=\"205\"><a href=\"http:\/\/bioenergie-kleinseelheim.de\/wp-content\/uploads\/2015\/10\/150715_Kirchhainer_Anzeiger.jpg\">150715_Kirchhainer_Anzeiger\u00a0\u00a0<\/a><\/td>\n<td width=\"205\"><\/td>\n<\/tr>\n<tr>\n<td width=\"205\"><a href=\"http:\/\/bioenergie-kleinseelheim.de\/wp-content\/uploads\/2015\/10\/150218_Kirchhainer_Anzeiger.jpg\"><img loading=\"lazy\" decoding=\"async\" class=\"alignnone size-medium wp-image-395\" src=\"http:\/\/bioenergie-kleinseelheim.de\/wp-content\/uploads\/2015\/10\/150218_Kirchhainer_Anzeiger-300x227.jpg\" alt=\"\" width=\"300\" height=\"227\" srcset=\"https:\/\/bioenergie-kleinseelheim.de\/wp-content\/uploads\/2015\/10\/150218_Kirchhainer_Anzeiger-300x227.jpg 300w, https:\/\/bioenergie-kleinseelheim.de\/wp-content\/uploads\/2015\/10\/150218_Kirchhainer_Anzeiger-1024x775.jpg 1024w, https:\/\/bioenergie-kleinseelheim.de\/wp-content\/uploads\/2015\/10\/150218_Kirchhainer_Anzeiger.jpg 1280w\" sizes=\"auto, (max-width: 300px) 100vw, 300px\" \/><\/a><\/td>\n<td width=\"205\"><a href=\"http:\/\/bioenergie-kleinseelheim.de\/wp-content\/uploads\/2015\/10\/150218_Kirchhainer_Anzeiger.jpg\">150218_Kirchhainer_Anzeiger\u00a0\u00a0<\/a><\/td>\n<td width=\"205\"><\/td>\n<\/tr>\n<tr>\n<td width=\"205\"><a href=\"http:\/\/bioenergie-kleinseelheim.de\/wp-content\/uploads\/2015\/10\/140409.jpg\"><img loading=\"lazy\" decoding=\"async\" class=\"wp-image-1325 size-thumbnail alignleft\" src=\"http:\/\/bioenergie-kleinseelheim.de\/wp-content\/uploads\/2015\/10\/140409-150x150.jpg\" alt=\"\" width=\"150\" height=\"150\" \/><\/a><\/td>\n<td width=\"205\"><a href=\"http:\/\/alibis.in-berlin.de:8181\/wp-content\/uploads\/2015\/10\/140409_Kirchhainer_Anzeiger.pdf\">140409_Kirchhainer_Anzeiger:<br \/>\n<\/a><br \/>\nBericht \u00fcber Machbarkeitsstudie<\/td>\n<td width=\"205\"><\/td>\n<\/tr>\n<tr>\n<td width=\"205\"><a href=\"http:\/\/bioenergie-kleinseelheim.de\/wp-content\/uploads\/2015\/10\/140318.jpg\"><img loading=\"lazy\" decoding=\"async\" class=\"size-medium wp-image-1324 alignleft\" src=\"http:\/\/bioenergie-kleinseelheim.de\/wp-content\/uploads\/2015\/10\/140318-300x51.jpg\" alt=\"\" width=\"300\" height=\"51\" srcset=\"https:\/\/bioenergie-kleinseelheim.de\/wp-content\/uploads\/2015\/10\/140318-300x51.jpg 300w, https:\/\/bioenergie-kleinseelheim.de\/wp-content\/uploads\/2015\/10\/140318.jpg 762w\" sizes=\"auto, (max-width: 300px) 100vw, 300px\" \/><\/a><\/td>\n<td width=\"205\"><a href=\"http:\/\/alibis.in-berlin.de:8181\/wp-content\/uploads\/2015\/10\/140318_Oberhessische_Presse.pdf\">140318_Oberhessische_Presse:<\/a>Bericht \u00fcber Informationseveranstaltung<\/td>\n<td width=\"205\"><\/td>\n<\/tr>\n<\/tbody>\n<\/table>\n","protected":false},"excerpt":{"rendered":"<p>zur\u00fcck zu aktuell Meine_OPM_2019-08-13_Seite_07 Meine_OPM_2019-08-03_Seite_07 \u00a0 \u00a020170929_OP-MarburgHerr P\u00f6ppler hat sich offenbar nur sehr einseitig \u00fcber unser Dorf informiert &#8230; \u00a0OP 2017-12-09 Bioenergiedorf Kleinseelheim Ein sehr kritischer Leserbrief zum Thema &#8220;Sonderl\u00f6sung Sandweg&#8221; und zur Nahw\u00e4rme allgemein Stellungnahme des Vorstandes zu dem Leserbrief: Leserbrief Ludwig Stellungnahme \u00a0 \u00a0Artikel im Kirchhainer Anzeiger vom 6.12.2017, Seite 4 \u00a0 Leserbrief [&hellip;]<\/p>\n","protected":false},"author":3,"featured_media":0,"parent":0,"menu_order":0,"comment_status":"closed","ping_status":"closed","template":"","meta":{"footnotes":""},"class_list":["post-392","page","type-page","status-publish","hentry"],"_links":{"self":[{"href":"https:\/\/bioenergie-kleinseelheim.de\/index.php\/wp-json\/wp\/v2\/pages\/392","targetHints":{"allow":["GET"]}}],"collection":[{"href":"https:\/\/bioenergie-kleinseelheim.de\/index.php\/wp-json\/wp\/v2\/pages"}],"about":[{"href":"https:\/\/bioenergie-kleinseelheim.de\/index.php\/wp-json\/wp\/v2\/types\/page"}],"author":[{"embeddable":true,"href":"https:\/\/bioenergie-kleinseelheim.de\/index.php\/wp-json\/wp\/v2\/users\/3"}],"replies":[{"embeddable":true,"href":"https:\/\/bioenergie-kleinseelheim.de\/index.php\/wp-json\/wp\/v2\/comments?post=392"}],"version-history":[{"count":40,"href":"https:\/\/bioenergie-kleinseelheim.de\/index.php\/wp-json\/wp\/v2\/pages\/392\/revisions"}],"predecessor-version":[{"id":2068,"href":"https:\/\/bioenergie-kleinseelheim.de\/index.php\/wp-json\/wp\/v2\/pages\/392\/revisions\/2068"}],"wp:attachment":[{"href":"https:\/\/bioenergie-kleinseelheim.de\/index.php\/wp-json\/wp\/v2\/media?parent=392"}],"curies":[{"name":"wp","href":"https:\/\/api.w.org\/{rel}","templated":true}]}}